{"id":134,"date":"2022-06-23T15:49:53","date_gmt":"2022-06-23T13:49:53","guid":{"rendered":"https:\/\/drdataflow.com\/?page_id=134"},"modified":"2022-09-06T10:34:48","modified_gmt":"2022-09-06T08:34:48","slug":"politique-de-confidentialite-2","status":"publish","type":"page","link":"https:\/\/drdataflow.com\/nl\/politique-de-confidentialite-2\/","title":{"rendered":"Politique de confidentialit\u00e9"},"content":{"rendered":"<h2 style=\"text-align: left;\"><strong>1. Objectifs de la Charte de Protection des Donn\u00e9es Personnelles<\/strong><\/h2>\n<p>&nbsp;<\/p>\n<p style=\"text-align: left;\">Conscient de l\u2019importance du respect de la vie priv\u00e9e des Utilisateurs (ci-apr\u00e8s \u00ab Vous \u00bb), l\u2019Editeur du Site met \u00e0 disposition sa Charte de Protection des Donn\u00e9es Personnelles afin de Vous informer de la mani\u00e8re la plus transparente des traitements r\u00e9alis\u00e9s lors de l\u2019utilisation des Produits et Services du Site (tels que abonnements aux newsletters, mailings, sondages, etc.). Cette Charte est conforme \u00e0 la r\u00e9glementation en vigueur et notamment au R\u00e8glement (CE) 2016\/679 du Parlement europ\u00e9en et du Conseil du 27 avril 2016 relatif \u00e0 la protection des personnes physiques \u00e0 l\u2019\u00e9gard du traitement des donn\u00e9es \u00e0 caract\u00e8re personnel et \u00e0 la libre circulation des ces donn\u00e9es (RGPD), et abrogeant la directive 95\/46\/CE.<\/p>\n<p style=\"text-align: left;\">Cette Charte de Protection des Donn\u00e9es Personnelles fait partie int\u00e9grante des Conditions G\u00e9n\u00e9rales d\u2019Utilisation du Site. Cette Charte d\u00e9crit les modalit\u00e9s de collecte, de stockage et de traitement de vos Donn\u00e9es Personnelles obtenues \u00e0 l\u2019occasion de votre consultation du Site ou de votre inscription pour l\u2019utiliser.<\/p>\n<p>&nbsp;<\/p>\n<h2 style=\"text-align: left;\"><strong>2. Donn\u00e9es personnelles<\/strong><\/h2>\n<p>&nbsp;<\/p>\n<p style=\"text-align: left;\">De mani\u00e8re g\u00e9n\u00e9rale, la Soci\u00e9t\u00e9 \u00e9ditrice du Site s\u2019engage \u00e0 ce que les Donn\u00e9es Personnelles Vous concernant :<\/p>\n<ul style=\"text-align: left;\">\n<li>sont obtenues et trait\u00e9es de mani\u00e8re loyale, licite et transparente ;<\/li>\n<li>sont collect\u00e9es \u00e0 des fins d\u00e9termin\u00e9es et licites sur la base de l\u2019int\u00e9r\u00eat l\u00e9gitime de la Soci\u00e9t\u00e9 \u00e9ditrice du Site \u00e0 communiquer sur son domaine d\u2019activit\u00e9, Vous informer et am\u00e9liorer nos Produits et Services ;<\/li>\n<li>est utilis\u00e9 conform\u00e9ment \u00e0 ces finalit\u00e9s ;<\/li>\n<li>est ad\u00e9quate, pertinente et non excessive au regard de ces finalit\u00e9s tout en respectant le principe de minimisation.<\/li>\n<\/ul>\n<p>&nbsp;<\/p>\n<p style=\"text-align: left;\">Les diff\u00e9rentes cat\u00e9gories de Donn\u00e9es Personnelles collect\u00e9es lors de l\u2019utilisation des Services propos\u00e9s sur notre Site sont les suivantes :<\/p>\n<ul style=\"text-align: left;\">\n<li>Donn\u00e9es d\u2019identification (dont nom, pr\u00e9nom) ;<\/li>\n<li>Coordonn\u00e9es (y compris adresse postale ou e-mail) ;<\/li>\n<li>Donn\u00e9es d\u2019utilisation (y compris les pages Web visit\u00e9es, les URL cliqu\u00e9es) ;<\/li>\n<li>Donn\u00e9es de connexion (dont l\u2019adresse IP de votre ordinateur, les logs de connexion et d\u2019utilisation) ;<\/li>\n<li>Donn\u00e9es commerciales (liste des Produits et Services dont Vous b\u00e9n\u00e9ficiez) ;<\/li>\n<li>Donn\u00e9es de contenu.<\/li>\n<\/ul>\n<p>&nbsp;<\/p>\n<h2 style=\"text-align: left;\"><strong>3. Destinataires<\/strong><\/h2>\n<p>&nbsp;<\/p>\n<p style=\"text-align: left;\">Vos Donn\u00e9es Personnelles peuvent \u00eatre trait\u00e9es par le personnel habilit\u00e9 (marketing, commercial, relation client, administration, RH et support fonctionnel) de Change My Fleet et d\u2019autres entit\u00e9s de l\u2019Editeur du Site.<\/p>\n<p style=\"text-align: left;\">Si ces destinataires sont amen\u00e9s \u00e0 traiter vos Donn\u00e9es Personnelles en dehors de l\u2019Union Europ\u00e9enne, les transferts de donn\u00e9es seront effectu\u00e9s dans le respect de la R\u00e9glementation.<\/p>\n<p>&nbsp;<\/p>\n<h2 style=\"text-align: left;\"><strong>4. Finalit\u00e9s<\/strong><\/h2>\n<p>&nbsp;<\/p>\n<p style=\"text-align: left;\">Les Donn\u00e9es Personnelles sont collect\u00e9es pour les finalit\u00e9s suivantes :<\/p>\n<ul style=\"text-align: left;\">\n<li>Diffusion de l\u2019information<\/li>\n<li>Gestion et administration des comptes utilisateurs<\/li>\n<li>Gestion des demandes des utilisateurs<\/li>\n<li>Gestion des avis des utilisateurs<\/li>\n<li>Mod\u00e9ration de blogs, \u00e9tudes de march\u00e9, concours et op\u00e9rations promotionnelles<\/li>\n<li>\u00c9tudes de recherche personnalis\u00e9es \u00e0 des fins d\u2019\u00e9tudes de march\u00e9<\/li>\n<li>Statistiques<\/li>\n<li>Enqu\u00eates et sondages<\/li>\n<li>Gestion des abonnements \u00e0 la newsletter<\/li>\n<li>Gestion des campagnes de recrutement et de formation, planification des actions de d\u00e9veloppement RH, gestion des contrats de travail<\/li>\n<\/ul>\n<p>&nbsp;<\/p>\n<h2 style=\"text-align: left;\"><strong>5. Droits de l\u2019utilisateur<\/strong><\/h2>\n<p>&nbsp;<\/p>\n<p style=\"text-align: left;\">L\u2019Editeur du Site s\u2019engage \u00e0 ce que Vous disposiez :<\/p>\n<ul style=\"text-align: left;\">\n<li>Droits d\u2019acc\u00e8s, de rectification, de suppression, de portabilit\u00e9, de limitation, d\u2019opposition et d\u2019information sur le sort de vos Donn\u00e9es Personnelles apr\u00e8s votre d\u00e9c\u00e8s par le biais d\u2019une demande adress\u00e9e par courrier ou par e-mail \u00e0 l\u2019Editeur du Site responsable du traitement de vos donn\u00e9es (vos demandes seront prises compte dans un d\u00e9lai maximum d\u2019un mois).<\/li>\n<li>Les droits d\u00e9finis dans cet article s\u2019exercent en adressant un courrier \u00e9lectronique au d\u00e9l\u00e9gu\u00e9 \u00e0 la protection des donn\u00e9es (DPO) en soumettant le formulaire de contact.<\/li>\n<li>Vous avez \u00e9galement le droit de d\u00e9poser une plainte aupr\u00e8s de l\u2019Autorit\u00e9 de protection des donn\u00e9es comp\u00e9tente pour la Belgique (https:\/\/www.dataprotectionauthority.be), si la Soci\u00e9t\u00e9 \u00e9ditrice du Site ne respecte pas ses obligations au titre de la l\u00e9gislation\/r\u00e9glementation en vigueur.<\/li>\n<li>Les Donn\u00e9es Personnelles qui Vous sont communiqu\u00e9es sur la base d\u2019une demande d\u2019acc\u00e8s seront transmises personnellement et confidentiellement. A ce titre, afin que votre demande d\u2019acc\u00e8s soit accept\u00e9e, Vous devez transmettre toutes les informations n\u00e9cessaires \u00e0 la confirmation de votre identit\u00e9, \u00e0 savoir une attestation \u00e9crite sur l\u2019honneur attestant que Vous \u00eates le propri\u00e9taire desdites Donn\u00e9es Personnelles et une photocopie d\u2019une pi\u00e8ce d\u2019identit\u00e9.<\/li>\n<\/ul>\n<p>&nbsp;<\/p>\n<h2 style=\"text-align: left;\"><strong>6. Conservation des donn\u00e9es personnelles<\/strong><\/h2>\n<p>&nbsp;<\/p>\n<p style=\"text-align: left;\">La Soci\u00e9t\u00e9 \u00e9ditrice du Site ne conserve Vos Donn\u00e9es Personnelles que le temps n\u00e9cessaire pour remplir les finalit\u00e9s ci-dessus ou pour nous permettre de r\u00e9pondre \u00e0 nos obligations l\u00e9gales.<\/p>\n<p style=\"text-align: left;\">Les Donn\u00e9es Personnelles relatives au processus de recrutement sont conserv\u00e9es pendant une dur\u00e9e de vingt-quatre (24) mois apr\u00e8s le dernier contact du candidat par MyflexiPark.<\/p>\n<p>&nbsp;<\/p>\n<h2 style=\"text-align: left;\"><strong>7. Collecte et utilisation des donn\u00e9es personnelles<\/strong><\/h2>\n<p>&nbsp;<\/p>\n<h3 style=\"text-align: left;\"><strong>\u00a0\u00a0\u00a0\u00a0\u00a0\u00a0\u00a0 7.1. Donn\u00e9es d\u2019inscription<\/strong><\/h3>\n<p>&nbsp;<\/p>\n<p style=\"text-align: left;\">Si Vous \u00eates client des Services de la Soci\u00e9t\u00e9 \u00e9ditrice du Site, la Soci\u00e9t\u00e9 \u00e9ditrice du Site est susceptible de Vous adresser, par courrier et\/ou email, sous forme de newsletter (ci-apr\u00e8s \u00ab Newsletter \u00bb), des informations destin\u00e9es \u00e0 Vous apporter des informations compl\u00e9mentaires sur le Site ou Services de l\u2019\u00c9diteur et de ses partenaires. Dans l\u2019hypoth\u00e8se o\u00f9 Vous ne souhaiteriez plus recevoir de Newsletter, Vous pouvez vous d\u00e9sabonner \u00e0 tout moment en cliquant sur le lien figurant dans ces Newsletters.<\/p>\n<p>&nbsp;<\/p>\n<h3 style=\"text-align: left;\"><strong>\u00a0\u00a0\u00a0\u00a0\u00a0\u00a0\u00a0 7.2. Cookies<\/strong><\/h3>\n<p>&nbsp;<\/p>\n<p style=\"text-align: left;\">Lors de votre visite sur notre Site, la Soci\u00e9t\u00e9 \u00e9ditrice du Site est susceptible d\u2019implanter un \u00ab cookie \u00bb dans votre ordinateur. Un \u00ab cookie \u00bb permet de stocker des informations relatives \u00e0 la navigation de votre ordinateur sur le Site (les pages consult\u00e9es, la date et l\u2019heure de la consultation, etc.). La Soci\u00e9t\u00e9 \u00e9ditrice du Site pourra lire ce cookie lors de votre prochaine visite. Toutefois, un cookie ne permet pas \u00e0 la Soci\u00e9t\u00e9 \u00e9ditrice du Site de Vous identifier directement. Ainsi, les informations que Vous fournissez \u00e0 l\u2019Editeur du Site en remplissant un questionnaire ne seront pas redemand\u00e9es.<\/p>\n<p style=\"text-align: left;\">Ces cookies assurent le fonctionnement optimal du Site. Vous pouvez les bloquer et les supprimer en utilisant les param\u00e8tres de votre navigateur\u00a0; cependant, cela peut d\u00e9grader votre exp\u00e9rience utilisateur.<\/p>\n<p style=\"text-align: left;\">Les cookies suivants sont utilis\u00e9s sur notre Site :<\/p>\n<ul style=\"text-align: left;\">\n<li>Les cookies de session qui stockent des informations techniques lorsque vous naviguez d\u2019une page \u00e0 l\u2019autre sur notre site. Ces cookies ont une dur\u00e9e de vie limit\u00e9e et expirent lorsque vous fermez votre navigateur.<\/li>\n<li>Cookies li\u00e9s aux fonctionnalit\u00e9s utilis\u00e9s notamment pour vous reconna\u00eetre lors de votre prochaine visite sur le Site et pour personnaliser le site en cons\u00e9quence.<\/li>\n<li>Cookies de mesure d\u2019audience Google Analytics : ces cookies permettent de collecter de mani\u00e8re anonyme des informations sur les utilisateurs du site. Les informations sont utilis\u00e9es pour produire des rapports et nous aider \u00e0 am\u00e9liorer le Site. Vous pouvez consulter la politique de confidentialit\u00e9 de Google sur https:\/\/support.google.com\/analytics\/answer\/6004245?hl=fr.<\/li>\n<\/ul>\n<p>&nbsp;<\/p>\n<p style=\"text-align: left;\">La proc\u00e9dure de d\u00e9sactivation des cookies d\u00e9pend de votre navigateur internet. Vous pouvez \u00e0 tout moment choisir de d\u00e9sactiver un ou plusieurs cookies, emp\u00eacher leur enregistrement ou retirer votre consentement. Vous \u00eates libre d\u2019accepter ou de refuser les cookies au cas par cas ou de les bloquer de mani\u00e8re syst\u00e9matique. Votre navigateur peut \u00e9galement \u00eatre param\u00e9tr\u00e9 pour vous avertir lors de l\u2019installation de cookies sur votre terminal et vous demander si vous les acceptez ou non.<\/p>\n<p>&nbsp;<\/p>\n<p style=\"text-align: left;\">Les param\u00e8tres de votre navigateur peuvent \u00eatre modifi\u00e9s comme suit\u00a0:<\/p>\n<ul style=\"text-align: left;\">\n<li>Internet Explorer:\n<ul>\n<li>Outils;<\/li>\n<li>Options Internet;<\/li>\n<li>Vie priv\u00e9e.<\/li>\n<\/ul>\n<\/li>\n<li>Chrome:\n<ul>\n<li>R\u00e9glages;<\/li>\n<li>R\u00e9glages avanc\u00e9s:<\/li>\n<li>Vie priv\u00e9e;<\/li>\n<li>Param\u00e8tres de contenu ;<\/li>\n<li>Cookies.<\/li>\n<\/ul>\n<\/li>\n<li>MozillaFirefox :\n<ul>\n<li>Outils;<\/li>\n<li>Option ;<\/li>\n<\/ul>\n<\/li>\n<li>Safari:\n<ul>\n<li>Safari;<\/li>\n<li>Pr\u00e9f\u00e9rences ;<\/li>\n<\/ul>\n<\/li>\n<\/ul>\n<p>&nbsp;<\/p>\n<p style=\"text-align: left;\">Si votre navigateur ne figure pas dans la liste ci-dessus, veuillez vous r\u00e9f\u00e9rer \u00e0 l\u2019onglet \u00ab\u00a0Param\u00e8tres\u00a0\u00bb de votre navigateur et au menu \u00ab\u00a0Options\u00a0\u00bb ou \u00ab\u00a0Pr\u00e9f\u00e9rences\u00a0\u00bb.<\/p>\n<p style=\"text-align: left;\">Veuillez noter que vos param\u00e8tres de cookies peuvent affecter votre acc\u00e8s au Site et \u00e0 ses fonctionnalit\u00e9s, ou modifier leur fonctionnement, et peuvent ainsi limiter ses performances.<\/p>\n<p>&nbsp;<\/p>\n<h2 style=\"text-align: left;\"><strong>8. Divulgation des donn\u00e9es personnelles<\/strong><\/h2>\n<p>&nbsp;<\/p>\n<p style=\"text-align: left;\">La Soci\u00e9t\u00e9 \u00e9ditrice du Site ne partagera ni ne divulguera en aucun cas vos Donn\u00e9es Personnelles, sauf dans les cas suivants :<\/p>\n<ul style=\"text-align: left;\">\n<li>lorsque Vous avez donn\u00e9 votre accord pr\u00e9alable \u00e0 la Soci\u00e9t\u00e9 \u00e9ditrice du Site (par exemple pour des activit\u00e9s de marketing direct) ;<\/li>\n<li>lorsque la Soci\u00e9t\u00e9 \u00e9ditrice du Site doit partager vos Donn\u00e9es Personnelles avec des fournisseurs, prestataires et notamment ses prestataires techniques pour Vous permettre d\u2019utiliser le Site et\/ou Vous fournir les informations que Vous avez demand\u00e9es (stockage de donn\u00e9es personnelles sur notre serveur Internet h\u00e9berg\u00e9 par notre prestataire de services)\u00a0;<\/li>\n<li>lorsque la Soci\u00e9t\u00e9 \u00e9ditrice du Site y est contrainte par une autorit\u00e9 judiciaire ou par la loi.<\/li>\n<\/ul>\n<p>&nbsp;<\/p>\n<h2 style=\"text-align: left;\"><strong>9. S\u00e9curit\u00e9<\/strong><\/h2>\n<p>&nbsp;<\/p>\n<p style=\"text-align: left;\">La Soci\u00e9t\u00e9 \u00e9ditrice du Site met tout en \u0153uvre pour prot\u00e9ger vos Donn\u00e9es Personnelles contre toute forme de dommage, perte, d\u00e9tournement, intrusion, divulgation, alt\u00e9ration ou destruction notamment par :<\/p>\n<ul style=\"text-align: left;\">\n<li>l\u2019utilisation d\u2019un syst\u00e8me de contr\u00f4le d\u2019acc\u00e8s, par badge nominatif, dans les sites et locaux sensibles, y compris les salles informatiques ;<\/li>\n<li>la protection des sites et locaux par un syst\u00e8me d\u2019alarme anti-intrusion, second\u00e9 par un agent de s\u00e9curit\u00e9 pendant les heures et\/ou jours non ouvr\u00e9s ;<\/li>\n<li>restreindre l\u2019administration du Site et accorder l\u2019acc\u00e8s \u00e0 ses donn\u00e9es aux seules personnes autoris\u00e9es\u00a0;<br \/>\nla mise en place de proc\u00e9dures pr\u00e9ventives et curatives de s\u00e9curit\u00e9 et de contr\u00f4le pour la gestion des incidents de s\u00e9curit\u00e9.<\/li>\n<\/ul>\n<p style=\"text-align: left;\">Les collaborateurs de la Soci\u00e9t\u00e9 Editrice du Site qui, en raison de leur fonction, ont acc\u00e8s \u00e0 vos Donn\u00e9es Personnelles sont tenus de respecter la plus grande confidentialit\u00e9 lors du traitement de vos Donn\u00e9es Personnelles.<\/p>","protected":false},"excerpt":{"rendered":"<p>1. Objectifs de la Charte de Protection des Donn\u00e9es Personnelles &nbsp; Conscient de l\u2019importance du respect de la vie priv\u00e9e des Utilisateurs (ci-apr\u00e8s \u00ab Vous \u00bb), l\u2019Editeur du Site met \u00e0 disposition sa Charte de Protection des Donn\u00e9es Personnelles afin de Vous informer de la mani\u00e8re la plus transparente des traitements r\u00e9alis\u00e9s lors de l\u2019utilisation [&hellip;]<\/p>","protected":false},"author":1,"featured_media":0,"parent":0,"menu_order":0,"comment_status":"closed","ping_status":"closed","template":"","meta":{"inline_featured_image":false},"_links":{"self":[{"href":"https:\/\/drdataflow.com\/nl\/wp-json\/wp\/v2\/pages\/134"}],"collection":[{"href":"https:\/\/drdataflow.com\/nl\/wp-json\/wp\/v2\/pages"}],"about":[{"href":"https:\/\/drdataflow.com\/nl\/wp-json\/wp\/v2\/types\/page"}],"author":[{"embeddable":true,"href":"https:\/\/drdataflow.com\/nl\/wp-json\/wp\/v2\/users\/1"}],"replies":[{"embeddable":true,"href":"https:\/\/drdataflow.com\/nl\/wp-json\/wp\/v2\/comments?post=134"}],"version-history":[{"count":4,"href":"https:\/\/drdataflow.com\/nl\/wp-json\/wp\/v2\/pages\/134\/revisions"}],"predecessor-version":[{"id":340,"href":"https:\/\/drdataflow.com\/nl\/wp-json\/wp\/v2\/pages\/134\/revisions\/340"}],"wp:attachment":[{"href":"https:\/\/drdataflow.com\/nl\/wp-json\/wp\/v2\/media?parent=134"}],"curies":[{"name":"wp","href":"https:\/\/api.w.org\/{rel}","templated":true}]}}